{"id":2686,"date":"2018-02-07T13:44:15","date_gmt":"2018-02-07T13:44:15","guid":{"rendered":"http:\/\/www.hotelprimaverariva.it\/servizi\/"},"modified":"2025-09-24T14:35:31","modified_gmt":"2025-09-24T14:35:31","slug":"service","status":"publish","type":"page","link":"https:\/\/www.hotelprimaverariva.it\/de\/service\/","title":{"rendered":"Services"},"content":{"rendered":"<div class=\"wpb-content-wrapper\"><p>[vc_column][\/vc_column][vc_row equal_height=&#8220;yes&#8220; content_placement=&#8220;middle&#8220; css_animation=&#8220;fadeIn&#8220; css=&#8220;.vc_custom_1751624830407{border-top-width: 1px !important;border-top-color: #eeeeee !important;border-top-style: solid !important;}&#8220;][vc_column width=&#8220;1\/2&#8243; css=&#8220;.vc_custom_1566316994106{padding-top: 100px !important;padding-right: 100px !important;padding-bottom: 100px !important;padding-left: 100px !important;background-color: #ffffff !important;}&#8220; el_class=&#8220;text-col&#8220;][vc_custom_heading text=&#8220;Das Schwimmbad mit Whirlpool&#8220; use_theme_fonts=&#8220;yes&#8220; css_animation=&#8220;none&#8220;][vc_separator el_width=&#8220;10&#8243; css_animation=&#8220;none&#8220; css=&#8220;.vc_custom_1522160591144{margin-top: 30px !important;margin-bottom: 30px !important;}&#8220; el_class=&#8220;separator-rotate&#8220;][vc_column_text]<\/p>\n<p style=\"text-align: left;\">Das Schwimmbad mit Whirlpool und Wasserfall wird Sie ein intensives Wohlbefinden und herrliches Erlebnis erm\u00f6glichen, besonders nach einem anstrengenden Tag voller sportlichen Aktivit\u00e4ten.<\/p>\n<p>[\/vc_column_text][\/vc_column][vc_column width=&#8220;1\/2&#8243; css=&#8220;.vc_custom_1751650449473{padding-left: 0px !important;background-image: url(https:\/\/www.hotelprimaverariva.it\/wp-content\/uploads\/2025\/07\/Eco-Hotel-Primavera.jpg?id=3844) !important;background-position: center !important;background-repeat: no-repeat !important;background-size: cover !important;}&#8220; el_class=&#8220;bg-image-col&#8220;][\/vc_column][\/vc_row][vc_row equal_height=&#8220;yes&#8220; content_placement=&#8220;middle&#8220; css_animation=&#8220;fadeIn&#8220; css=&#8220;.vc_custom_1751624834338{border-top-width: 1px !important;border-top-color: #eeeeee !important;border-top-style: solid !important;}&#8220;][vc_column width=&#8220;1\/2&#8243; css=&#8220;.vc_custom_1751650460753{padding-left: 0px !important;background-image: url(https:\/\/www.hotelprimaverariva.it\/wp-content\/uploads\/2025\/07\/Eco-Hotel-Primavera-colazione-a-bordo-piscina.jpg?id=3860) !important;background-position: center !important;background-repeat: no-repeat !important;background-size: cover !important;}&#8220; el_class=&#8220;bg-image-col&#8220;][\/vc_column][vc_column width=&#8220;1\/2&#8243; css=&#8220;.vc_custom_1566316994106{padding-top: 100px !important;padding-right: 100px !important;padding-bottom: 100px !important;padding-left: 100px !important;background-color: #ffffff !important;}&#8220; el_class=&#8220;text-col&#8220;][vc_custom_heading text=&#8220;Das Fr\u00fchst\u00fcck, das Ihr Aufwachen einzigartig macht&#8220; use_theme_fonts=&#8220;yes&#8220; css_animation=&#8220;none&#8220; css=&#8220;&#8220;][vc_separator el_width=&#8220;10&#8243; css_animation=&#8220;none&#8220; css=&#8220;.vc_custom_1522160591144{margin-top: 30px !important;margin-bottom: 30px !important;}&#8220; el_class=&#8220;separator-rotate&#8220;][vc_column_text css=&#8220;&#8220;]Geschmack, Leichtigkeit und Nachhaltigkeit, um den Tag mit Energie in unserem Ecohotel Primavera zu beginnen. Ein gesundes Fr\u00fchst\u00fcck f\u00fcr alle, auch f\u00fcr diejenigen, die sich vegetarisch\/vegan und\/oder glutenfrei ern\u00e4hren (auf Anfrage). Obst der Saison, handwerklich Brote und Kuchen, nat\u00fcrliche Marmeladen, pflanzliche Milch, Bioprodukte von lokalen Erzeugern aus dem Trentino, vorzugsweise aus Km 0.[\/vc_column_text][\/vc_column][\/vc_row][vc_row equal_height=&#8220;yes&#8220; content_placement=&#8220;middle&#8220; css_animation=&#8220;fadeIn&#8220;][vc_column width=&#8220;1\/2&#8243; css=&#8220;.vc_custom_1566317033844{padding-top: 100px !important;padding-right: 100px !important;padding-bottom: 100px !important;padding-left: 100px !important;background-color: #ffffff !important;}&#8220; el_class=&#8220;text-col&#8220;][vc_custom_heading text=&#8220;Estetica Natura&#8220; use_theme_fonts=&#8220;yes&#8220;][vc_separator el_width=&#8220;10&#8243; css=&#8220;.vc_custom_1518181620857{margin-top: 30px !important;margin-bottom: 30px !important;}&#8220; el_class=&#8220;separator-rotate&#8220;][vc_column_text]<\/p>\n<p style=\"text-align: left;\">Totale Entspannung und Verw\u00f6hnung mit Naturprodukten in \u201eEstetica Natura\u201c Studio: Pedik\u00fcre, Manik\u00fcre, Gesichtspflege, Kosmetikbehandlungen und verschiedenen Massagen.<\/p>\n<p>[\/vc_column_text][vc_btn title=&#8220;WEITERLESEN&#8220; style=&#8220;flat&#8220; shape=&#8220;square&#8220; color=&#8220;green&#8220; link=&#8220;url:%20http%3A%2F%2Fwww.hotelprimaverariva.it%2Fde%2Festetica-natura-trattamenti-massaggi%2F|||&#8220;][\/vc_column][vc_column width=&#8220;1\/2&#8243; css=&#8220;.vc_custom_1751650500283{padding-left: 0px !important;background-image: url(https:\/\/www.hotelprimaverariva.it\/wp-content\/uploads\/2025\/07\/Eco-Hotel-Primavera-Estetica-Natura-1.jpg?id=3869) !important;background-position: center !important;background-repeat: no-repeat !important;background-size: cover !important;}&#8220; el_class=&#8220;bg-image-col&#8220;][\/vc_column][\/vc_row][vc_row equal_height=&#8220;yes&#8220; content_placement=&#8220;middle&#8220; css_animation=&#8220;fadeIn&#8220;][vc_column width=&#8220;1\/2&#8243; css=&#8220;.vc_custom_1758015926612{padding-left: 0px !important;background-image: url(https:\/\/www.hotelprimaverariva.it\/wp-content\/uploads\/2025\/07\/Eco-Hotel-Primavera-Private-SPA-bagno-turco-2.jpg?id=3812) !important;background-position: center !important;background-repeat: no-repeat !important;background-size: cover !important;}&#8220; el_class=&#8220;bg-image-col&#8220;][\/vc_column][vc_column width=&#8220;1\/2&#8243; css=&#8220;.vc_custom_1566317018721{padding-top: 100px !important;padding-right: 100px !important;padding-bottom: 100px !important;padding-left: 100px !important;background-color: #ffffff !important;}&#8220; el_class=&#8220;text-col&#8220;][vc_custom_heading text=&#8220;Private SPA&#8220; use_theme_fonts=&#8220;yes&#8220; css=&#8220;&#8220;][vc_separator el_width=&#8220;10&#8243; css=&#8220;.vc_custom_1518181620857{margin-top: 30px !important;margin-bottom: 30px !important;}&#8220; el_class=&#8220;separator-rotate&#8220;][vc_column_text css=&#8220;&#8220;]<\/p>\n<p style=\"text-align: left;\">G\u00f6nnen Sie sich einen Moment nur f\u00fcr sich und Ihre Lieben in einer intimen und eleganten Atmosph\u00e4re an einem exklusiven Ort, in dem Sie sich mit einer finnischen Sauna, einem t\u00fcrkischen Bad, einer emotionalen Dusche, einem Wasserfall aus Eis und einer Kr\u00e4uterteestube in absoluter Privatsph\u00e4re regenerieren k\u00f6nnen.<\/p>\n<p>[\/vc_column_text][vc_btn title=&#8220;WEITERLESEN&#8220; style=&#8220;flat&#8220; shape=&#8220;square&#8220; color=&#8220;green&#8220; css=&#8220;&#8220; link=&#8220;url:https%3A%2F%2Fwww.hotelprimaverariva.it%2Fde%2Fprivate-spa%2F&#8220;][\/vc_column][\/vc_row][vc_row equal_height=&#8220;yes&#8220; content_placement=&#8220;middle&#8220; css_animation=&#8220;fadeIn&#8220;][vc_column width=&#8220;1\/2&#8243; css=&#8220;.vc_custom_1566316997736{padding-top: 100px !important;padding-right: 100px !important;padding-bottom: 100px !important;padding-left: 100px !important;background-color: #ffffff !important;}&#8220; el_class=&#8220;text-col&#8220;][vc_custom_heading text=&#8220;F\u00fcr die Kinder&#8220; use_theme_fonts=&#8220;yes&#8220; css_animation=&#8220;none&#8220;][vc_separator el_width=&#8220;10&#8243; css=&#8220;.vc_custom_1518181620857{margin-top: 30px !important;margin-bottom: 30px !important;}&#8220; el_class=&#8220;separator-rotate&#8220;][vc_column_text]<\/p>\n<p style=\"text-align: left;\">F\u00fcr die Kinder bieten wir einen Spielplatz in dem Garten an, w\u00e4hrend die Eltern sie sich mit einen Drink an der Bar erfrischen oder am Pool ruhig liegen.<\/p>\n<p>[\/vc_column_text][\/vc_column][vc_column width=&#8220;1\/2&#8243; css=&#8220;.vc_custom_1751650470973{padding-left: 0px !important;background-image: url(https:\/\/www.hotelprimaverariva.it\/wp-content\/uploads\/2025\/07\/Eco-Hotel-Primavera-area-giochi.jpg?id=3863) !important;background-position: center !important;background-repeat: no-repeat !important;background-size: cover !important;}&#8220; el_class=&#8220;bg-image-col&#8220;][\/vc_column][\/vc_row][vc_row equal_height=&#8220;yes&#8220; content_placement=&#8220;middle&#8220; css_animation=&#8220;fadeIn&#8220;][vc_column width=&#8220;1\/2&#8243; css=&#8220;.vc_custom_1751650482826{padding-left: 0px !important;background-image: url(https:\/\/www.hotelprimaverariva.it\/wp-content\/uploads\/2025\/07\/Eco-Hotel-Primavera-Bar.jpg?id=3866) !important;background-position: center !important;background-repeat: no-repeat !important;background-size: cover !important;}&#8220; el_class=&#8220;bg-image-col&#8220;][\/vc_column][vc_column width=&#8220;1\/2&#8243; css=&#8220;.vc_custom_1580566553912{padding-top: 100px !important;padding-right: 100px !important;padding-bottom: 100px !important;padding-left: 100px !important;background-color: #ffffff !important;}&#8220; el_class=&#8220;text-col&#8220;][vc_custom_heading text=&#8220;Bar&#8220; use_theme_fonts=&#8220;yes&#8220;][vc_separator el_width=&#8220;10&#8243; css=&#8220;.vc_custom_1518181620857{margin-top: 30px !important;margin-bottom: 30px !important;}&#8220; el_class=&#8220;separator-rotate&#8220;][vc_column_text]<\/p>\n<p style=\"text-align: left;\">F\u00fcr unsere G\u00e4ste, die einfach nur relaxen m\u00f6chten, befindet sich direkt am Pool ein Sonnendeck mit Liegest\u00fchlen zum entspannen und genie\u00dfen, der einem mit einem k\u00f6stlichen Cocktail aus unserer gut sortierten Bar einl\u00e4dt. Unser Barservice ist ab dem 14 30 \u2013 23 00 f\u00fcr unsere G\u00e4ste offen.<\/p>\n<p>[\/vc_column_text][\/vc_column][\/vc_row][vc_row equal_height=&#8220;yes&#8220; content_placement=&#8220;middle&#8220; css_animation=&#8220;fadeIn&#8220;][vc_column width=&#8220;1\/2&#8243; css=&#8220;.vc_custom_1580566486449{padding-top: 100px !important;padding-right: 100px !important;padding-bottom: 100px !important;padding-left: 100px !important;background-color: #ffffff !important;}&#8220; el_class=&#8220;text-col&#8220;][vc_custom_heading text=&#8220;Fahrradwaschstation und Windsurf\/Bikedepot&#8220; use_theme_fonts=&#8220;yes&#8220;][vc_separator el_width=&#8220;10&#8243; css=&#8220;.vc_custom_1518181620857{margin-top: 30px !important;margin-bottom: 30px !important;}&#8220; el_class=&#8220;separator-rotate&#8220;][vc_column_text]Au\u00dferdem stehen unseren G\u00e4sten eine bewachte Tiefgarage f\u00fcr Autos und Motorr\u00e4der, sowie ein video\u00fcberwachtes Bike und Windsurf Depot zur Verf\u00fcgung.<\/p>\n<p>Zur Verf\u00fcgung stehen Ihnen auch unsere City Bikes, gegen einen kleinen Aufpreis pro Tag, mit denen k\u00f6nnen sie an den Strand fahren oder die Stadt erkunden.[\/vc_column_text][\/vc_column][vc_column width=&#8220;1\/2&#8243; css=&#8220;.vc_custom_1601505788730{padding-left: 0px !important;background-image: url(https:\/\/www.hotelprimaverariva.it\/wp-content\/uploads\/2020\/09\/bike_wash_2-e1601505757210.jpg?id=3248) !important;background-position: center !important;background-repeat: no-repeat !important;background-size: cover !important;}&#8220; el_class=&#8220;bg-image-col&#8220;][\/vc_column][\/vc_row][vc_row equal_height=&#8220;yes&#8220; content_placement=&#8220;middle&#8220; css_animation=&#8220;fadeIn&#8220;][vc_column width=&#8220;1\/2&#8243; css=&#8220;.vc_custom_1566317021549{padding-left: 0px !important;background-image: url(https:\/\/www.hotelprimaverariva.it\/wp-content\/uploads\/2019\/08\/eco-hotel-primavera-riva-car-recharge-point-1.jpg?id=2731) !important;background-position: center !important;background-repeat: no-repeat !important;background-size: cover !important;}&#8220; el_class=&#8220;bg-image-col&#8220;][\/vc_column][vc_column width=&#8220;1\/2&#8243; css=&#8220;.vc_custom_1566317018721{padding-top: 100px !important;padding-right: 100px !important;padding-bottom: 100px !important;padding-left: 100px !important;background-color: #ffffff !important;}&#8220; el_class=&#8220;text-col&#8220;][vc_custom_heading text=&#8220;Ladestation f\u00fcr elektrische Autos\/Fahrr\u00e4der&#8220; use_theme_fonts=&#8220;yes&#8220;][vc_separator el_width=&#8220;10&#8243; css=&#8220;.vc_custom_1518181620857{margin-top: 30px !important;margin-bottom: 30px !important;}&#8220; el_class=&#8220;separator-rotate&#8220;][vc_column_text]<\/p>\n<p style=\"text-align: left;\">Es gibt die M\u00f6glichkeit Ihre Elektrische Auto, Motorrad oder Fahrrad mit der S\u00e4ule in den Parkplatz zu laden.<\/p>\n<p>[\/vc_column_text][\/vc_column][\/vc_row][vc_row][vc_column][vc_empty_space height=&#8220;100&#8243;][\/vc_column][\/vc_row]<\/p>\n<\/div>","protected":false},"excerpt":{"rendered":"<p>[vc_column][\/vc_column][vc_row equal_height=&#8220;yes&#8220; content_placement=&#8220;middle&#8220; css_animation=&#8220;fadeIn&#8220; css=&#8220;.vc_custom_1751624830407{border-top-width: 1px !important;border-top-color: #eeeeee !important;border-top-style: solid !important;}&#8220;][vc_column width=&#8220;1\/2&#8243; css=&#8220;.vc_custom_1566316994106{padding-top: 100px !important;padding-right: 100px !important;padding-bottom: 100px !important;padding-left: 100px !important;background-color: #ffffff !important;}&#8220; el_class=&#8220;text-col&#8220;][vc_custom_heading text=&#8220;Das Schwimmbad mit Whirlpool&#8220; use_theme_fonts=&#8220;yes&#8220; css_animation=&#8220;none&#8220;][vc_separator el_width=&#8220;10&#8243; css_animation=&#8220;none&#8220; css=&#8220;.vc_custom_1522160591144{margin-top: 30px !important;margin-bottom: 30px !important;}&#8220; el_class=&#8220;separator-rotate&#8220;][vc_column_text] Das Schwimmbad mit Whirlpool und Wasserfall wird Sie ein intensives Wohlbefinden und herrliches Erlebnis erm\u00f6glichen, besonders nach&hellip;<\/p>\n","protected":false},"author":1,"featured_media":0,"parent":0,"menu_order":0,"comment_status":"closed","ping_status":"closed","template":"","meta":{"_acf_changed":false,"_monsterinsights_skip_tracking":false,"_monsterinsights_sitenote_active":false,"_monsterinsights_sitenote_note":"","_monsterinsights_sitenote_category":0,"pgc_sgb_lightbox_settings":"","footnotes":""},"class_list":["post-2686","page","type-page","status-publish","hentry"],"acf":[],"_links":{"self":[{"href":"https:\/\/www.hotelprimaverariva.it\/de\/wp-json\/wp\/v2\/pages\/2686","targetHints":{"allow":["GET"]}}],"collection":[{"href":"https:\/\/www.hotelprimaverariva.it\/de\/wp-json\/wp\/v2\/pages"}],"about":[{"href":"https:\/\/www.hotelprimaverariva.it\/de\/wp-json\/wp\/v2\/types\/page"}],"author":[{"embeddable":true,"href":"https:\/\/www.hotelprimaverariva.it\/de\/wp-json\/wp\/v2\/users\/1"}],"replies":[{"embeddable":true,"href":"https:\/\/www.hotelprimaverariva.it\/de\/wp-json\/wp\/v2\/comments?post=2686"}],"version-history":[{"count":36,"href":"https:\/\/www.hotelprimaverariva.it\/de\/wp-json\/wp\/v2\/pages\/2686\/revisions"}],"predecessor-version":[{"id":4215,"href":"https:\/\/www.hotelprimaverariva.it\/de\/wp-json\/wp\/v2\/pages\/2686\/revisions\/4215"}],"wp:attachment":[{"href":"https:\/\/www.hotelprimaverariva.it\/de\/wp-json\/wp\/v2\/media?parent=2686"}],"curies":[{"name":"wp","href":"https:\/\/api.w.org\/{rel}","templated":true}]}}