{"id":2642,"date":"2018-02-06T14:44:17","date_gmt":"2018-02-06T14:44:17","guid":{"rendered":"http:\/\/www.hotelprimaverariva.it\/homepage\/"},"modified":"2025-09-16T09:49:30","modified_gmt":"2025-09-16T09:49:30","slug":"homepage","status":"publish","type":"page","link":"https:\/\/www.hotelprimaverariva.it\/de\/","title":{"rendered":"Home"},"content":{"rendered":"<div class=\"wpb-content-wrapper\"><p>[vc_row full_width=&#8220;stretch_row_content_no_spaces&#8220; disable_element=&#8220;yes&#8220;][vc_column]<link href=\"https:\/\/fonts.googleapis.com\/css?family=Roboto:700%2C400\" rel=\"stylesheet\" property=\"stylesheet\" type=\"text\/css\" media=\"all\">\n<div id=\"rev_slider_3_1_wrapper\" class=\"rev_slider_wrapper fullscreen-container\" data-source=\"gallery\" style=\"background:#686868;padding:0px;\">\n<!-- START REVOLUTION SLIDER 5.4.8.3 fullscreen mode -->\n\t<div id=\"rev_slider_3_1\" class=\"rev_slider fullscreenbanner\" style=\"display:none;\" data-version=\"5.4.8.3\">\n<ul>\t<!-- SLIDE  -->\n\t<li data-index=\"rs-12\" data-transition=\"fade\" data-slotamount=\"default\" data-hideafterloop=\"0\" data-hideslideonmobile=\"off\"  data-easein=\"default\" data-easeout=\"default\" data-masterspeed=\"300\"  data-thumb=\"https:\/\/www.hotelprimaverariva.it\/wp-content\/uploads\/2019\/07\/Eco-Hotel-Primaver-Lake-Garda-Camere-e-Suite-100x50.jpg\"  data-rotate=\"0\"  data-saveperformance=\"off\"  data-title=\"Welcome\" data-param1=\"\" data-param2=\"\" data-param3=\"\" data-param4=\"\" data-param5=\"\" data-param6=\"\" data-param7=\"\" data-param8=\"\" data-param9=\"\" data-param10=\"\" data-description=\"\">\n\t\t<!-- MAIN IMAGE -->\n\t\t<img loading=\"lazy\" decoding=\"async\" src=\"https:\/\/www.hotelprimaverariva.it\/wp-content\/plugins\/revslider\/admin\/assets\/images\/dummy.png\"  alt=\"Eco Hotel Primavera - Lake Garda - Camere e Suite\" title=\"Eco Hotel Primavera &#8211; Lake Garda &#8211; Camere e Suite\"  width=\"1700\" height=\"1133\" data-lazyload=\"https:\/\/www.hotelprimaverariva.it\/wp-content\/uploads\/2019\/07\/Eco-Hotel-Primaver-Lake-Garda-Camere-e-Suite.jpg\" data-bgposition=\"center center\" data-bgfit=\"cover\" data-bgrepeat=\"no-repeat\" data-bgparallax=\"off\" class=\"rev-slidebg\" data-no-retina>\n\t\t<!-- LAYERS -->\n\n\t\t<!-- LAYER NR. 1 -->\n\t\t<div class=\"tp-caption   tp-resizeme\" \n\t\t\t id=\"slide-12-layer-2\" \n\t\t\t data-x=\"['left','left','left','left']\" data-hoffset=\"['30','30','30','20']\" \n\t\t\t data-y=\"['middle','middle','middle','middle']\" data-voffset=\"['50','30','20','28']\" \n\t\t\t\t\t\tdata-fontsize=\"['70','70','50','40']\"\n\t\t\tdata-lineheight=\"['70','70','50','40']\"\n\t\t\tdata-fontweight=\"['700','400','400','400']\"\n\t\t\tdata-letterspacing=\"['-2','-2','','']\"\n\t\t\tdata-width=\"['817','817','620','438']\"\n\t\t\tdata-height=\"['192','none','none','none']\"\n\t\t\tdata-whitespace=\"normal\"\n \n\t\t\tdata-type=\"text\" \n\t\t\tdata-responsive_offset=\"on\" \n\n\t\t\tdata-frames='[{\"delay\":200,\"split\":\"lines\",\"splitdelay\":0.1000000000000000055511151231257827021181583404541015625,\"speed\":1000,\"split_direction\":\"forward\",\"frame\":\"0\",\"from\":\"z:0;rX:0;rY:0;rZ:0;sX:0.9;sY:0.9;skX:0;skY:0;opacity:0;\",\"to\":\"o:1;\",\"ease\":\"Power4.easeOut\"},{\"delay\":\"wait\",\"speed\":1000,\"frame\":\"999\",\"to\":\"opacity:0;\",\"ease\":\"Power2.easeIn\"}]'\n\t\t\tdata-textAlign=\"['left','left','left','left']\"\n\t\t\tdata-paddingtop=\"[0,0,0,0]\"\n\t\t\tdata-paddingright=\"[0,0,0,0]\"\n\t\t\tdata-paddingbottom=\"[0,0,0,0]\"\n\t\t\tdata-paddingleft=\"[0,0,0,0]\"\n\n\t\t\tstyle=\"z-index: 5; min-width: 817px; max-width: 817px; max-width: 192px; max-width: 192px; white-space: normal; font-size: 70px; line-height: 70px; font-weight: 700; color: #ffffff; letter-spacing: -2px;font-family:Roboto;\">Ihre Ferien<br \/>\nin eco-relax <\/div>\n\t<\/li>\n\t<!-- SLIDE  -->\n\t<li data-index=\"rs-13\" data-transition=\"fade\" data-slotamount=\"default\" data-hideafterloop=\"0\" data-hideslideonmobile=\"off\"  data-easein=\"default\" data-easeout=\"default\" data-masterspeed=\"300\"  data-thumb=\"https:\/\/www.hotelprimaverariva.it\/wp-content\/uploads\/2019\/07\/Eco-Hotel-Primavera-Lago-di-Garda-Piscina-100x50.jpg\"  data-rotate=\"0\"  data-saveperformance=\"off\"  data-title=\"Welcome\" data-param1=\"\" data-param2=\"\" data-param3=\"\" data-param4=\"\" data-param5=\"\" data-param6=\"\" data-param7=\"\" data-param8=\"\" data-param9=\"\" data-param10=\"\" data-description=\"\">\n\t\t<!-- MAIN IMAGE -->\n\t\t<img loading=\"lazy\" decoding=\"async\" src=\"https:\/\/www.hotelprimaverariva.it\/wp-content\/plugins\/revslider\/admin\/assets\/images\/dummy.png\"  alt=\"Eco Hotel Primavera - Lago di Garda - Piscina\" title=\"Eco Hotel Primavera &#8211; Lago di Garda &#8211; Piscina\"  width=\"1700\" height=\"1133\" data-lazyload=\"https:\/\/www.hotelprimaverariva.it\/wp-content\/uploads\/2019\/07\/Eco-Hotel-Primavera-Lago-di-Garda-Piscina.jpg\" data-bgposition=\"center center\" data-bgfit=\"cover\" data-bgrepeat=\"no-repeat\" data-bgparallax=\"off\" class=\"rev-slidebg\" data-no-retina>\n\t\t<!-- LAYERS -->\n\n\t\t<!-- LAYER NR. 2 -->\n\t\t<div class=\"tp-caption   tp-resizeme\" \n\t\t\t id=\"slide-13-layer-2\" \n\t\t\t data-x=\"['left','left','left','left']\" data-hoffset=\"['30','30','30','20']\" \n\t\t\t data-y=\"['middle','middle','middle','middle']\" data-voffset=\"['50','30','20','28']\" \n\t\t\t\t\t\tdata-fontsize=\"['70','70','50','40']\"\n\t\t\tdata-lineheight=\"['70','70','50','40']\"\n\t\t\tdata-fontweight=\"['700','400','400','400']\"\n\t\t\tdata-letterspacing=\"['-2','-2','','']\"\n\t\t\tdata-width=\"['817','817','620','438']\"\n\t\t\tdata-height=\"['192','none','none','none']\"\n\t\t\tdata-whitespace=\"normal\"\n \n\t\t\tdata-type=\"text\" \n\t\t\tdata-responsive_offset=\"on\" \n\n\t\t\tdata-frames='[{\"delay\":200,\"split\":\"lines\",\"splitdelay\":0.1000000000000000055511151231257827021181583404541015625,\"speed\":1000,\"split_direction\":\"forward\",\"frame\":\"0\",\"from\":\"z:0;rX:0;rY:0;rZ:0;sX:0.9;sY:0.9;skX:0;skY:0;opacity:0;\",\"to\":\"o:1;\",\"ease\":\"Power4.easeOut\"},{\"delay\":\"wait\",\"speed\":1000,\"frame\":\"999\",\"to\":\"opacity:0;\",\"ease\":\"Power2.easeIn\"}]'\n\t\t\tdata-textAlign=\"['left','left','left','left']\"\n\t\t\tdata-paddingtop=\"[0,0,0,0]\"\n\t\t\tdata-paddingright=\"[0,0,0,0]\"\n\t\t\tdata-paddingbottom=\"[0,0,0,0]\"\n\t\t\tdata-paddingleft=\"[0,0,0,0]\"\n\n\t\t\tstyle=\"z-index: 5; min-width: 817px; max-width: 817px; max-width: 192px; max-width: 192px; white-space: normal; font-size: 70px; line-height: 70px; font-weight: 700; color: #ffffff; letter-spacing: -2px;font-family:Roboto;\">Ihre Ferien<br \/>\nin eco-relax <\/div>\n\t<\/li>\n\t<!-- SLIDE  -->\n\t<li data-index=\"rs-14\" data-transition=\"fade\" data-slotamount=\"default\" data-hideafterloop=\"0\" data-hideslideonmobile=\"off\"  data-easein=\"default\" data-easeout=\"default\" data-masterspeed=\"300\"  data-thumb=\"https:\/\/www.hotelprimaverariva.it\/wp-content\/uploads\/2019\/07\/Eco-Hotel-Primavera-Riva-del-Garda-Vacanza-in-eco-relax-100x50.jpg\"  data-rotate=\"0\"  data-saveperformance=\"off\"  data-title=\"Welcome\" data-param1=\"\" data-param2=\"\" data-param3=\"\" data-param4=\"\" data-param5=\"\" data-param6=\"\" data-param7=\"\" data-param8=\"\" data-param9=\"\" data-param10=\"\" data-description=\"\">\n\t\t<!-- MAIN IMAGE -->\n\t\t<img loading=\"lazy\" decoding=\"async\" src=\"https:\/\/www.hotelprimaverariva.it\/wp-content\/plugins\/revslider\/admin\/assets\/images\/dummy.png\"  alt=\"Eco Hotel Primavera - Riva del Garda - Vacanza in eco-relax\" title=\"Eco Hotel Primavera &#8211; Riva del Garda &#8211; Vacanza in eco-relax\"  width=\"1700\" height=\"1133\" data-lazyload=\"https:\/\/www.hotelprimaverariva.it\/wp-content\/uploads\/2019\/07\/Eco-Hotel-Primavera-Riva-del-Garda-Vacanza-in-eco-relax.jpg\" data-bgposition=\"center center\" data-bgfit=\"cover\" data-bgrepeat=\"no-repeat\" data-bgparallax=\"off\" class=\"rev-slidebg\" data-no-retina>\n\t\t<!-- LAYERS -->\n\n\t\t<!-- LAYER NR. 3 -->\n\t\t<div class=\"tp-caption   tp-resizeme\" \n\t\t\t id=\"slide-14-layer-2\" \n\t\t\t data-x=\"['left','left','left','left']\" data-hoffset=\"['30','30','30','20']\" \n\t\t\t data-y=\"['middle','middle','middle','middle']\" data-voffset=\"['50','30','20','28']\" \n\t\t\t\t\t\tdata-fontsize=\"['70','70','50','40']\"\n\t\t\tdata-lineheight=\"['70','70','50','40']\"\n\t\t\tdata-fontweight=\"['700','400','400','400']\"\n\t\t\tdata-letterspacing=\"['-2','-2','','']\"\n\t\t\tdata-width=\"['817','817','620','438']\"\n\t\t\tdata-height=\"['192','none','none','none']\"\n\t\t\tdata-whitespace=\"normal\"\n \n\t\t\tdata-type=\"text\" \n\t\t\tdata-responsive_offset=\"on\" \n\n\t\t\tdata-frames='[{\"delay\":200,\"split\":\"lines\",\"splitdelay\":0.1000000000000000055511151231257827021181583404541015625,\"speed\":1000,\"split_direction\":\"forward\",\"frame\":\"0\",\"from\":\"z:0;rX:0;rY:0;rZ:0;sX:0.9;sY:0.9;skX:0;skY:0;opacity:0;\",\"to\":\"o:1;\",\"ease\":\"Power4.easeOut\"},{\"delay\":\"wait\",\"speed\":1000,\"frame\":\"999\",\"to\":\"opacity:0;\",\"ease\":\"Power2.easeIn\"}]'\n\t\t\tdata-textAlign=\"['left','left','left','left']\"\n\t\t\tdata-paddingtop=\"[0,0,0,0]\"\n\t\t\tdata-paddingright=\"[0,0,0,0]\"\n\t\t\tdata-paddingbottom=\"[0,0,0,0]\"\n\t\t\tdata-paddingleft=\"[0,0,0,0]\"\n\n\t\t\tstyle=\"z-index: 5; min-width: 817px; max-width: 817px; max-width: 192px; max-width: 192px; white-space: normal; font-size: 70px; line-height: 70px; font-weight: 700; color: #ffffff; letter-spacing: -2px;font-family:Roboto;\">Ihre Ferien<br \/>\nin eco-relax <\/div>\n\t<\/li>\n<\/ul>\n<script>var htmlDiv = document.getElementById(\"rs-plugin-settings-inline-css\"); var htmlDivCss=\"\";\r\n\t\t\t\t\t\tif(htmlDiv) {\r\n\t\t\t\t\t\t\thtmlDiv.innerHTML = htmlDiv.innerHTML + htmlDivCss;\r\n\t\t\t\t\t\t}else{\r\n\t\t\t\t\t\t\tvar htmlDiv = document.createElement(\"div\");\r\n\t\t\t\t\t\t\thtmlDiv.innerHTML = \"<style>\" + htmlDivCss + \"<\/style>\";\r\n\t\t\t\t\t\t\tdocument.getElementsByTagName(\"head\")[0].appendChild(htmlDiv.childNodes[0]);\r\n\t\t\t\t\t\t}\r\n\t\t\t\t\t<\/script>\n<div class=\"tp-bannertimer tp-bottom\" style=\"visibility: hidden !important;\"><\/div>\t<\/div>\n<script>var htmlDiv = document.getElementById(\"rs-plugin-settings-inline-css\"); var htmlDivCss=\"\";\r\n\t\t\t\tif(htmlDiv) {\r\n\t\t\t\t\thtmlDiv.innerHTML = htmlDiv.innerHTML + htmlDivCss;\r\n\t\t\t\t}else{\r\n\t\t\t\t\tvar htmlDiv = document.createElement(\"div\");\r\n\t\t\t\t\thtmlDiv.innerHTML = \"<style>\" + htmlDivCss + \"<\/style>\";\r\n\t\t\t\t\tdocument.getElementsByTagName(\"head\")[0].appendChild(htmlDiv.childNodes[0]);\r\n\t\t\t\t}\r\n\t\t\t<\/script>\n\t\t<script type=\"text\/javascript\">\r\nif (setREVStartSize!==undefined) setREVStartSize(\r\n\t{c: '#rev_slider_3_1', responsiveLevels: [1240,1024,778,480], gridwidth: [1170,1024,778,480], gridheight: [650,650,450,450], sliderLayout: 'fullscreen', fullScreenAutoWidth:'off', fullScreenAlignForce:'off', fullScreenOffsetContainer:'', fullScreenOffset:'0px'});\r\n\t\t\t\r\nvar revapi3,\r\n\ttpj;\t\r\n(function() {\t\t\t\r\n\tif (!\/loaded|interactive|complete\/.test(document.readyState)) document.addEventListener(\"DOMContentLoaded\",onLoad); else onLoad();\t\r\n\tfunction onLoad() {\t\t\t\t\r\n\t\tif (tpj===undefined) { tpj = jQuery; if(\"off\" == \"on\") tpj.noConflict();}\r\n\tif(tpj(\"#rev_slider_3_1\").revolution == undefined){\n\t\trevslider_showDoubleJqueryError(\"#rev_slider_3_1\");\n\t}else{\n\t\trevapi3 = tpj(\"#rev_slider_3_1\").show().revolution({\n\t\t\tsliderType:\"standard\",\n\t\t\tjsFileLocation:\"\/\/www.hotelprimaverariva.it\/wp-content\/plugins\/revslider\/public\/assets\/js\/\",\n\t\t\tsliderLayout:\"fullscreen\",\n\t\t\tdottedOverlay:\"none\",\n\t\t\tdelay:9000,\n\t\t\tnavigation: {\n\t\t\t\tkeyboardNavigation:\"on\",\n\t\t\t\tkeyboard_direction: \"horizontal\",\n\t\t\t\tmouseScrollNavigation:\"off\",\n \t\t\t\t\t\t\tmouseScrollReverse:\"default\",\n\t\t\t\tonHoverStop:\"off\",\n\t\t\t\ttouch:{\n\t\t\t\t\ttouchenabled:\"on\",\n\t\t\t\t\ttouchOnDesktop:\"off\",\n\t\t\t\t\tswipe_threshold: 75,\n\t\t\t\t\tswipe_min_touches: 1,\n\t\t\t\t\tswipe_direction: \"horizontal\",\n\t\t\t\t\tdrag_block_vertical: false\n\t\t\t\t}\n\t\t\t\t,\n\t\t\t\tbullets: {\n\t\t\t\t\tenable:true,\n\t\t\t\t\t\t\t\trtl:true,\n\t\t\t\t\thide_onmobile:false,\n\t\t\t\t\tstyle:\"bullet-bar\",\n\t\t\t\t\thide_onleave:false,\n\t\t\t\t\tdirection:\"horizontal\",\n\t\t\t\t\t\t\t\t\tcontainer:\"layergrid\",\n\t\t\t\t\th_align:\"left\",\n\t\t\t\t\tv_align:\"bottom\",\n\t\t\t\t\th_offset:40,\n\t\t\t\t\tv_offset:30,\n\t\t\t\t\tspace:10,\n\t\t\t\t\ttmp:''\n\t\t\t\t}\n\t\t\t},\n\t\t\tresponsiveLevels:[1240,1024,778,480],\n\t\t\tvisibilityLevels:[1240,1024,778,480],\n\t\t\tgridwidth:[1170,1024,778,480],\n\t\t\tgridheight:[650,650,450,450],\n\t\t\tlazyType:\"single\",\n\t\t\tparallax: {\n\t\t\t\ttype:\"scroll\",\n\t\t\t\torigo:\"slidercenter\",\n\t\t\t\tspeed:2000,\n\t\t\t\tspeedbg:0,\n\t\t\t\tspeedls:0,\n\t\t\t\tlevels:[5,10,15,20,25,30,35,40,45,46,47,48,49,50,51,55],\n\t\t\t},\n\t\t\tshadow:0,\n\t\t\tspinner:\"off\",\n\t\t\tstopLoop:\"off\",\n\t\t\tstopAfterLoops:-1,\n\t\t\tstopAtSlide:-1,\n\t\t\tshuffle:\"off\",\n\t\t\tautoHeight:\"off\",\n\t\t\tfullScreenAutoWidth:\"off\",\n\t\t\tfullScreenAlignForce:\"off\",\n\t\t\tfullScreenOffsetContainer: \"\",\n\t\t\tfullScreenOffset: \"0px\",\n\t\t\tdisableProgressBar:\"on\",\n\t\t\thideThumbsOnMobile:\"off\",\n\t\t\thideSliderAtLimit:0,\n\t\t\thideCaptionAtLimit:0,\n\t\t\thideAllCaptionAtLilmit:0,\n\t\t\tdebugMode:false,\n\t\t\tfallbacks: {\n\t\t\t\tsimplifyAll:\"off\",\n\t\t\t\tnextSlideOnWindowFocus:\"off\",\n\t\t\t\tdisableFocusListener:false,\n\t\t\t}\n\t\t});\nrevapi3.bind(\"revolution.slide.onloaded\",function (e) {\n\trevapi3.addClass(\"tiny_bullet_slider\");\n});\t}; \/* END OF revapi call *\/\n\t\n }; \/* END OF ON LOAD FUNCTION *\/\r\n}()); \/* END OF WRAPPING FUNCTION *\/\r\n<\/script>\r\n\t\t<script>\r\n\t\t\t\t\tvar htmlDivCss = unescape(\".tiny_bullet_slider%20.tp-bullet%3Abefore%20%7B%0A%20%20%20%20content%3A%20%22%20%22%3B%0A%20%20%20%20position%3A%20absolute%3B%0A%20%20%20%20width%3A%20100%25%3B%0A%20%20%20%20height%3A%2025px%3B%0A%20%20%20%20top%3A-12px%3B%0A%20%20%20%20left%3A0px%3B%0A%20%20%20%20background%3A%20transparent%3B%0A%20%20%7D\");\r\n\t\t\t\t\tvar htmlDiv = document.getElementById('rs-plugin-settings-inline-css');\r\n\t\t\t\t\tif(htmlDiv) {\r\n\t\t\t\t\t\thtmlDiv.innerHTML = htmlDiv.innerHTML + htmlDivCss;\r\n\t\t\t\t\t}\r\n\t\t\t\t\telse{\r\n\t\t\t\t\t\tvar htmlDiv = document.createElement('div');\r\n\t\t\t\t\t\thtmlDiv.innerHTML = '<style>' + htmlDivCss + '<\/style>';\r\n\t\t\t\t\t\tdocument.getElementsByTagName('head')[0].appendChild(htmlDiv.childNodes[0]);\r\n\t\t\t\t\t}\r\n\t\t\t\t  <\/script><script>\r\n\t\t\t\t\tvar htmlDivCss = unescape(\".bullet-bar.tp-bullets%20%7B%0A%7D%0A.bullet-bar.tp-bullets%3Abefore%20%7B%0A%09content%3A%22%20%22%3B%0A%09position%3Aabsolute%3B%0A%09width%3A100%25%3B%0A%09height%3A100%25%3B%0A%09background%3Atransparent%3B%0A%09padding%3A10px%3B%0A%09margin-left%3A-10px%3Bmargin-top%3A-10px%3B%0A%09box-sizing%3Acontent-box%3B%0A%7D%0A.bullet-bar%20.tp-bullet%20%7B%0A%09width%3A60px%3B%0A%09height%3A3px%3B%0A%09position%3Aabsolute%3B%0A%09background%3A%23aaa%3B%0A%20%20%20%20background%3Argba%28204%2C204%2C204%2C0.5%29%3B%0A%09cursor%3A%20pointer%3B%0A%09box-sizing%3Acontent-box%3B%0A%7D%0A.bullet-bar%20.tp-bullet%3Ahover%2C%0A.bullet-bar%20.tp-bullet.selected%20%7B%0A%09%20background%3Argba%28204%2C204%2C204%2C1%29%3B%0A%7D%0A.bullet-bar%20.tp-bullet-image%20%7B%0A%7D%0A.bullet-bar%20.tp-bullet-title%20%7B%0A%7D%0A%0A\");\r\n\t\t\t\t\tvar htmlDiv = document.getElementById('rs-plugin-settings-inline-css');\r\n\t\t\t\t\tif(htmlDiv) {\r\n\t\t\t\t\t\thtmlDiv.innerHTML = htmlDiv.innerHTML + htmlDivCss;\r\n\t\t\t\t\t}\r\n\t\t\t\t\telse{\r\n\t\t\t\t\t\tvar htmlDiv = document.createElement('div');\r\n\t\t\t\t\t\thtmlDiv.innerHTML = '<style>' + htmlDivCss + '<\/style>';\r\n\t\t\t\t\t\tdocument.getElementsByTagName('head')[0].appendChild(htmlDiv.childNodes[0]);\r\n\t\t\t\t\t}\r\n\t\t\t\t  <\/script>\r\n\t\t\t\t<\/div><!-- END REVOLUTION SLIDER -->[\/vc_column][\/vc_row][vc_row full_width=&#8220;stretch_row&#8220; css=&#8220;.vc_custom_1564732991917{border-bottom-width: 1px !important;background-color: #f7f7f7 !important;border-bottom-color: #eeeeee !important;border-bottom-style: solid !important;border-radius: 1px !important;}&#8220; el_class=&#8220;homepage-intro&#8220;][vc_column css=&#8220;.vc_custom_1522662399358{padding-top: 0px !important;}&#8220;][vc_empty_space height=&#8220;100px&#8220;][vc_custom_heading text=&#8220;ECO HOTEL PRIMAVERA&#8220; font_container=&#8220;tag:h1|font_size:50|text_align:center|color:%2393b200&#8243; use_theme_fonts=&#8220;yes&#8220; el_class=&#8220;h1-title&#8220;][vc_custom_heading text=&#8220;Willkommen&#8220; font_container=&#8220;tag:h2|font_size:28|text_align:center|color:%23707070&#8243; use_theme_fonts=&#8220;yes&#8220; el_class=&#8220;h1-title&#8220;][vc_empty_space height=&#8220;50px&#8220;][vc_row_inner][vc_column_inner css=&#8220;.vc_custom_1565795770323{padding-right: 30px !important;padding-left: 30px !important;}&#8220; offset=&#8220;vc_col-sm-offset-0 vc_col-xs-12&#8243;][vc_column_text]<em>Der Mensch hat nie beendet, die Natur herauszufordern, um von der Natur das beste herauszunehmen, indem versucht er die erneuerbaren Energieressourcen zu nutzen. Das Eco Hotel \u201ePrimavera\u201c wurde nach dieser Philosophie projektiert und gebaut. Es wurden ausschlie\u00dflich Materialien verwendet, die bioklimatischen Standards entsprechen.<\/em><\/p>\n<p>Mit Hilfe der Sonne produzieren wir sowohl die Warmwasseraufbereitung, als auch den elektrischen Strom. Bei der Isolierung der Geb\u00e4udeh\u00fclle wurden die besten Materialien verwendet. F\u00fcr die D\u00e4mmung und f\u00fcr das Heizungssystem wurden die energieeffizientesten Technologien verwendet.<\/p>\n<p>Das <strong>Eco Hotel \u201ePrimavera\u201c<\/strong> ist das erste Eco-Hotel am Gardasee, das vollst\u00e4ndig aus beurkundetem Holz hergestellt ist. Wir haben bewusst naturnahe und nachwachsende Materialien eingesetzt, welche einen optimalen Komfort bieten.[\/vc_column_text][\/vc_column_inner][\/vc_row_inner][vc_empty_space][\/vc_column][vc_column][\/vc_column][vc_column][\/vc_column][\/vc_row][vc_row css=&#8220;.vc_custom_1564732888736{border-bottom-width: 1px !important;border-bottom-color: #eeeeee !important;}&#8220; el_class=&#8220;homepage-rooms&#8220;][vc_column css=&#8220;.vc_custom_1523370159761{padding-top: 0px !important;}&#8220;][vc_empty_space height=&#8220;75px&#8220;][vc_row_inner content_placement=&#8220;middle&#8220;][vc_column_inner width=&#8220;1\/4&#8243;][vc_custom_heading text=&#8220;Apartments&#8220; font_container=&#8220;tag:h1|font_size:40|text_align:left&#8220; use_theme_fonts=&#8220;yes&#8220; el_class=&#8220;h1-title&#8220;][\/vc_column_inner][vc_column_inner width=&#8220;3\/4&#8243;][vc_column_text css=&#8220;.vc_custom_1568071444468{margin-bottom: 0px !important;}&#8220;]Der moderne Komfort tr\u00e4gt dazu bei, dass Sie einen erholsamen und romantischen Aufenthalt genie\u00dfen k\u00f6nnen. Perfekte f\u00fcr Familien mit Kindern, praktisch aber auch elegant.[\/vc_column_text][\/vc_column_inner][\/vc_row_inner][lab_portfolio_items category_filter=&#8220;no&#8220; portfolio_type=&#8220;type-2&#8243; columns=&#8220;3&#8243; reveal_effect=&#8220;slidenfade&#8220; more_link=&#8220;url:https%3A%2F%2Fwww.hotelprimaverariva.it%2Fde%2Fapartments%2F|title:SIEHE%20DIE%20APARTMENTS%20AN||&#8220; portfolio_query=&#8220;size:3|order_by:date|order:ASC|post_type:portfolio|by_id:2168,2166,2164&#8243;][vc_empty_space][\/vc_column][\/vc_row][vc_row full_width=&#8220;stretch_row&#8220; css=&#8220;.vc_custom_1564732879345{border-bottom-width: 1px !important;border-bottom-color: #eeeeee !important;}&#8220; el_class=&#8220;homepage-rooms&#8220;][vc_column css=&#8220;.vc_custom_1523370159761{padding-top: 0px !important;}&#8220;][vc_empty_space height=&#8220;10px&#8220;][vc_row_inner content_placement=&#8220;middle&#8220; container_type=&#8220;fluid&#8220;][vc_column_inner width=&#8220;1\/4&#8243;][vc_custom_heading text=&#8220;Zimmer<br \/>\nund Suite&#8220; font_container=&#8220;tag:h2|font_size:40|text_align:left&#8220; use_theme_fonts=&#8220;yes&#8220; el_class=&#8220;h1-title&#8220;][\/vc_column_inner][vc_column_inner width=&#8220;3\/4&#8243;][vc_column_text css=&#8220;.vc_custom_1748418513541{margin-bottom: 0px !important;}&#8220;]Sie sind elegant, fein, mit viel Geschmack und Liebe und aus zertifiziertem Holz eingerichtet. Alle verf\u00fcgen einen gro\u00dfen Balkon.[\/vc_column_text][\/vc_column_inner][\/vc_row_inner][lab_portfolio_items category_filter=&#8220;no&#8220; portfolio_type=&#8220;type-2&#8243; columns=&#8220;3&#8243; reveal_effect=&#8220;slidenfade&#8220; more_link=&#8220;url:https%3A%2F%2Fwww.hotelprimaverariva.it%2Fde%2Fzimmer-suite%2F|title:SIEHE%20DIE%20ZIMMER%20AN||&#8220; portfolio_query=&#8220;size:3|order_by:date|order:ASC|post_type:portfolio&#8220;][vc_empty_space][\/vc_column][\/vc_row][vc_row content_placement=&#8220;middle&#8220;][vc_column css=&#8220;.vc_custom_1523367252317{padding-right: 0px !important;padding-left: 0px !important;}&#8220;][vc_empty_space height=&#8220;50px&#8220;][vc_custom_heading text=&#8220;Unsere Services&#8220; font_container=&#8220;tag:h1|font_size:50|text_align:center|color:%23407a02&#8243; use_theme_fonts=&#8220;yes&#8220; el_class=&#8220;h1-title&#8220;][vc_empty_space height=&#8220;50px&#8220;][vc_row_inner equal_height=&#8220;yes&#8220; content_placement=&#8220;middle&#8220; container_type=&#8220;fluid&#8220;][vc_column_inner el_class=&#8220;bg-image-col&#8220; width=&#8220;1\/2&#8243; css=&#8220;.vc_custom_1751649125632{background-image: url(https:\/\/www.hotelprimaverariva.it\/wp-content\/uploads\/2025\/07\/Eco-Hotel-Primavera.jpg?id=3844) !important;background-position: center !important;background-repeat: no-repeat !important;background-size: cover !important;}&#8220;][\/vc_column_inner][vc_column_inner width=&#8220;1\/2&#8243; css=&#8220;.vc_custom_1567774615394{padding-top: 75px !important;padding-right: 50px !important;padding-bottom: 75px !important;padding-left: 50px !important;}&#8220;][vc_custom_heading text=&#8220;Das Schwimmbad mit Whirlpool&#8220; use_theme_fonts=&#8220;yes&#8220; css_animation=&#8220;none&#8220; link=&#8220;|||&#8220;][vc_column_text]<\/p>\n<p style=\"text-align: left;\">Das Schwimmbad mit Whirlpool und Wasserfall wird Sie ein intensives Wohlbefinden und herrliches Erlebnis erm\u00f6glichen, besonders nach einem anstrengenden Tag voller sportlichen Aktivit\u00e4ten.<\/p>\n<p>[\/vc_column_text][\/vc_column_inner][\/vc_row_inner][vc_row_inner equal_height=&#8220;yes&#8220; content_placement=&#8220;middle&#8220; container_type=&#8220;fluid&#8220;][vc_column_inner width=&#8220;1\/2&#8243; css=&#8220;.vc_custom_1567774631813{padding-top: 75px !important;padding-right: 50px !important;padding-bottom: 75px !important;padding-left: 50px !important;}&#8220;][vc_custom_heading text=&#8220;Private SPA &amp; beauty&#8220; use_theme_fonts=&#8220;yes&#8220; css_animation=&#8220;none&#8220; css=&#8220;&#8220; link=&#8220;|title:Spa||&#8220;][vc_column_text css=&#8220;&#8220;]G\u00f6nnen Sie sich einen Moment nur f\u00fcr sich und Ihre Lieben in einer intimen und eleganten Atmosph\u00e4re an einem exklusiven Ort, in dem Sie sich mit einer finnischen Sauna, einem t\u00fcrkischen Bad, einer emotionalen Dusche, einem Wasserfall aus Eis und einer Kr\u00e4uterteestube in absoluter Privatsph\u00e4re regenerieren k\u00f6nnen.[\/vc_column_text][\/vc_column_inner][vc_column_inner el_class=&#8220;bg-image-col&#8220; width=&#8220;1\/2&#8243; css=&#8220;.vc_custom_1758016166692{background: #fcfcfc url(https:\/\/www.hotelprimaverariva.it\/wp-content\/uploads\/2025\/07\/Eco-Hotel-Primavera-Private-SPA-bagno-turco-2.jpg?id=3812) !important;background-position: center !important;background-repeat: no-repeat !important;background-size: cover !important;}&#8220;][\/vc_column_inner][\/vc_row_inner][vc_empty_space height=&#8220;30px&#8220;][vc_btn title=&#8220;WEITERLESEN&#8220; style=&#8220;flat&#8220; shape=&#8220;square&#8220; color=&#8220;green&#8220; align=&#8220;center&#8220; css_animation=&#8220;fadeIn&#8220; css=&#8220;.vc_custom_1674657647742{margin-bottom: 0px !important;}&#8220; link=&#8220;url:https%3A%2F%2Fwww.hotelprimaverariva.it%2Fde%2Fservice%2F|||&#8220; el_id=&#8220;award&#8220;][vc_empty_space height=&#8220;50px&#8220;][\/vc_column][\/vc_row][vc_row content_placement=&#8220;middle&#8220;][vc_column css=&#8220;.vc_custom_1523367252317{padding-right: 0px !important;padding-left: 0px !important;}&#8220;][vc_custom_heading text=&#8220;Awards&#8220; font_container=&#8220;tag:h1|font_size:50|text_align:center|color:%23407a02&#8243; use_theme_fonts=&#8220;yes&#8220; el_class=&#8220;h1-title&#8220;][vc_empty_space height=&#8220;50px&#8220;][\/vc_column][\/vc_row][vc_row content_placement=&#8220;middle&#8220;][vc_column css=&#8220;.vc_custom_1523367252317{padding-right: 0px !important;padding-left: 0px !important;}&#8220;][vc_row_inner equal_height=&#8220;yes&#8220; content_placement=&#8220;middle&#8220; container_type=&#8220;fluid&#8220;][vc_column_inner el_class=&#8220;bg-image-col&#8220; width=&#8220;1\/2&#8243; css=&#8220;.vc_custom_1674031850822{background-position: center !important;background-repeat: no-repeat !important;background-size: cover !important;}&#8220;][vc_video link=&#8220;https:\/\/youtu.be\/TMvkyFPwc5Y&#8220; align=&#8220;center&#8220;][\/vc_column_inner][vc_column_inner width=&#8220;1\/2&#8243; css=&#8220;.vc_custom_1567774615394{padding-top: 75px !important;padding-right: 50px !important;padding-bottom: 75px !important;padding-left: 50px !important;}&#8220;][vc_custom_heading text=&#8220;ClimaHost<br \/>\nSonderpreis f\u00fcr &#8222;Local Hero&#8222;&#8220; use_theme_fonts=&#8220;yes&#8220; css_animation=&#8220;none&#8220; link=&#8220;|||&#8220;][vc_column_text]Gewinner des Preises in der Kategorie &#8222;Local Hero&#8220; im Wettbewerb <a href=\"https:\/\/climahost.eu\/1-2\/preistraeger-nominierte\/\" target=\"_blank\" rel=\"noopener\">ClimaHost 2022<\/a> in europ\u00e4ischen Region f\u00fcr die Bek\u00e4mpfung des Klimawandels in der Hotellerie und f\u00fcr nachhaltigen Tourismus in den Alpen.[\/vc_column_text][vc_gallery type=&#8220;image_grid&#8220; images=&#8220;3328,3331,3337,3334,3340&#8243;][\/vc_column_inner][\/vc_row_inner][vc_empty_space height=&#8220;50px&#8220;][\/vc_column][vc_column][\/vc_column][\/vc_row][vc_row full_width=&#8220;stretch_row&#8220; disable_element=&#8220;yes&#8220; css=&#8220;.vc_custom_1564692847444{background-color: #eeeeee !important;}&#8220; el_class=&#8220;homepage-events&#8220;][vc_column css=&#8220;.vc_custom_1523367549351{padding-top: 0px !important;padding-bottom: 0px !important;}&#8220;][vc_empty_space height=&#8220;75px&#8220;][vc_custom_heading text=&#8220;Offerte e pacchetti&#8220; font_container=&#8220;tag:h1|font_size:50|text_align:center|color:%23407a02&#8243; use_theme_fonts=&#8220;yes&#8220; el_class=&#8220;h1-title&#8220;][vc_empty_space height=&#8220;50px&#8220;][lab_blog_posts blog_posts_options=&#8220;&#8220; hover_layer_icon=&#8220;custom&#8220; more_link=&#8220;url:https%3A%2F%2Fdemo-content.kaliumtheme.com%2Fhotel%2Fevents%2F|title:LEGGI%20TUTTE%20LE%20OFFERTE||&#8220; blog_query=&#8220;size:3|order_by:date|post_type:post|by_id:-468,-475&#8243; el_class=&#8220;homepage-posts&#8220; css=&#8220;.vc_custom_1562693169293{margin-bottom: 0px !important;}&#8220;][vc_empty_space height=&#8220;100px&#8220;][\/vc_column][\/vc_row]<\/p>\n<\/div>","protected":false},"excerpt":{"rendered":"<p>[vc_row full_width=&#8220;stretch_row_content_no_spaces&#8220; disable_element=&#8220;yes&#8220;][vc_column][\/vc_column][\/vc_row][vc_row full_width=&#8220;stretch_row&#8220; css=&#8220;.vc_custom_1564732991917{border-bottom-width: 1px !important;background-color: #f7f7f7 !important;border-bottom-color: #eeeeee !important;border-bottom-style: solid !important;border-radius: 1px !important;}&#8220; el_class=&#8220;homepage-intro&#8220;][vc_column css=&#8220;.vc_custom_1522662399358{padding-top: 0px !important;}&#8220;][vc_empty_space height=&#8220;100px&#8220;][vc_custom_heading text=&#8220;ECO HOTEL PRIMAVERA&#8220; font_container=&#8220;tag:h1|font_size:50|text_align:center|color:%2393b200&#8243; use_theme_fonts=&#8220;yes&#8220; el_class=&#8220;h1-title&#8220;][vc_custom_heading text=&#8220;Willkommen&#8220; font_container=&#8220;tag:h2|font_size:28|text_align:center|color:%23707070&#8243; use_theme_fonts=&#8220;yes&#8220; el_class=&#8220;h1-title&#8220;][vc_empty_space height=&#8220;50px&#8220;][vc_row_inner][vc_column_inner css=&#8220;.vc_custom_1565795770323{padding-right: 30px !important;padding-left: 30px !important;}&#8220; offset=&#8220;vc_col-sm-offset-0 vc_col-xs-12&#8243;][vc_column_text]Der Mensch hat nie beendet, die Natur herauszufordern, um von der Natur das beste herauszunehmen, indem versucht er&hellip;<\/p>\n","protected":false},"author":1,"featured_media":0,"parent":0,"menu_order":0,"comment_status":"closed","ping_status":"closed","template":"","meta":{"_acf_changed":false,"_monsterinsights_skip_tracking":false,"_monsterinsights_sitenote_active":false,"_monsterinsights_sitenote_note":"","_monsterinsights_sitenote_category":0,"pgc_sgb_lightbox_settings":"","footnotes":""},"class_list":["post-2642","page","type-page","status-publish","hentry"],"acf":[],"_links":{"self":[{"href":"https:\/\/www.hotelprimaverariva.it\/de\/wp-json\/wp\/v2\/pages\/2642","targetHints":{"allow":["GET"]}}],"collection":[{"href":"https:\/\/www.hotelprimaverariva.it\/de\/wp-json\/wp\/v2\/pages"}],"about":[{"href":"https:\/\/www.hotelprimaverariva.it\/de\/wp-json\/wp\/v2\/types\/page"}],"author":[{"embeddable":true,"href":"https:\/\/www.hotelprimaverariva.it\/de\/wp-json\/wp\/v2\/users\/1"}],"replies":[{"embeddable":true,"href":"https:\/\/www.hotelprimaverariva.it\/de\/wp-json\/wp\/v2\/comments?post=2642"}],"version-history":[{"count":36,"href":"https:\/\/www.hotelprimaverariva.it\/de\/wp-json\/wp\/v2\/pages\/2642\/revisions"}],"predecessor-version":[{"id":4211,"href":"https:\/\/www.hotelprimaverariva.it\/de\/wp-json\/wp\/v2\/pages\/2642\/revisions\/4211"}],"wp:attachment":[{"href":"https:\/\/www.hotelprimaverariva.it\/de\/wp-json\/wp\/v2\/media?parent=2642"}],"curies":[{"name":"wp","href":"https:\/\/api.w.org\/{rel}","templated":true}]}}